{"id":11314,"date":"2021-07-17T00:49:54","date_gmt":"2021-07-16T22:49:54","guid":{"rendered":"https:\/\/hotel-lemitigana.fr\/?page_id=11314"},"modified":"2023-06-14T15:22:26","modified_gmt":"2023-06-14T13:22:26","slug":"presentation-restaurant-et-bar","status":"publish","type":"page","link":"https:\/\/hotel-lemitigana.fr\/index.php\/presentation-restaurant-et-bar\/","title":{"rendered":"Restaurant &#038; Bar"},"content":{"rendered":"\t\t<div data-elementor-type=\"wp-page\" data-elementor-id=\"11314\" class=\"elementor elementor-11314\">\n\t\t\t\t\t\t<section class=\"elementor-section elementor-top-section elementor-element elementor-element-a61142d qodef-elementor-content-grid elementor-section-boxed elementor-section-height-default elementor-section-height-default\" data-id=\"a61142d\" data-element_type=\"section\" data-settings=\"{&quot;background_background&quot;:&quot;gradient&quot;}\">\n\t\t\t\t\t\t<div class=\"elementor-container elementor-column-gap-default\">\n\t\t\t\t\t<div class=\"elementor-column elementor-col-100 elementor-top-column elementor-element elementor-element-f9add56\" data-id=\"f9add56\" data-element_type=\"column\">\n\t\t\t<div class=\"elementor-widget-wrap elementor-element-populated\">\n\t\t\t\t\t\t<div class=\"elementor-element elementor-element-6dd7386 elementor-widget elementor-widget-augustine_core_section_title\" data-id=\"6dd7386\" data-element_type=\"widget\" data-widget_type=\"augustine_core_section_title.default\">\n\t\t\t\t<div class=\"elementor-widget-container\">\n\t\t\t\t\t<div class=\"qodef-shortcode qodef-m  qodef-section-title qodef-alignment--center    qodef-separator-appear \">\r\n\t\t<span class=\"qodef-m-separator\" ><\/span>\r\n\t\t<p class=\"qodef-m-subtitle\" >D\u00e9couvrez une cuisine raffin\u00e9e et gourmande...<\/p>\r\n\t\t<h3 class=\"qodef-m-title\" style=\"margin-top: -9px\">\r\n\t\t\t\t\tLes plaisirs d'une cuisine authentique<br \/>\t\t\t<\/h3>\r\n\t\t<\/div>\t\t\t\t<\/div>\n\t\t\t\t<\/div>\n\t\t\t\t<div class=\"elementor-element elementor-element-194aab1 elementor-widget elementor-widget-text-editor\" data-id=\"194aab1\" data-element_type=\"widget\" data-widget_type=\"text-editor.default\">\n\t\t\t\t<div class=\"elementor-widget-container\">\n\t\t\t\t\t\t\t\t\tNotre cuisine est de grande tradition fran\u00e7aise, nous travaillons uniquement des produits frais, nous recherchons sans cesse des fournisseurs locaux pour limiter l\u2019impact \u00e9cologique, carbone et conserver l\u2019identit\u00e9 de notre belle r\u00e9gion.\t\t\t\t\t\t\t\t<\/div>\n\t\t\t\t<\/div>\n\t\t\t\t\t<\/div>\n\t\t<\/div>\n\t\t\t\t\t<\/div>\n\t\t<\/section>\n\t\t\t\t<section class=\"elementor-section elementor-top-section elementor-element elementor-element-71ea5dd elementor-section-boxed elementor-section-height-default elementor-section-height-default qodef-elementor-content-no\" data-id=\"71ea5dd\" data-element_type=\"section\">\n\t\t\t\t\t\t<div class=\"elementor-container elementor-column-gap-default\">\n\t\t\t\t\t<div class=\"elementor-column elementor-col-100 elementor-top-column elementor-element elementor-element-f19cce3\" data-id=\"f19cce3\" data-element_type=\"column\">\n\t\t\t<div class=\"elementor-widget-wrap elementor-element-populated\">\n\t\t\t\t\t\t<div class=\"elementor-element elementor-element-3a3a137 elementor-widget-divider--view-line elementor-widget elementor-widget-divider\" data-id=\"3a3a137\" data-element_type=\"widget\" data-widget_type=\"divider.default\">\n\t\t\t\t<div class=\"elementor-widget-container\">\n\t\t\t\t\t\t\t<div class=\"elementor-divider\">\n\t\t\t<span class=\"elementor-divider-separator\">\n\t\t\t\t\t\t<\/span>\n\t\t<\/div>\n\t\t\t\t\t\t<\/div>\n\t\t\t\t<\/div>\n\t\t\t\t\t<\/div>\n\t\t<\/div>\n\t\t\t\t\t<\/div>\n\t\t<\/section>\n\t\t\t\t<section class=\"elementor-section elementor-top-section elementor-element elementor-element-39f832e elementor-section-boxed elementor-section-height-default elementor-section-height-default qodef-elementor-content-no\" data-id=\"39f832e\" data-element_type=\"section\">\n\t\t\t\t\t\t<div class=\"elementor-container elementor-column-gap-default\">\n\t\t\t\t\t<div class=\"elementor-column elementor-col-100 elementor-top-column elementor-element elementor-element-69e32c6\" data-id=\"69e32c6\" data-element_type=\"column\">\n\t\t\t<div class=\"elementor-widget-wrap elementor-element-populated\">\n\t\t\t\t\t\t<div class=\"elementor-element elementor-element-f287b94 elementor-widget elementor-widget-text-editor\" data-id=\"f287b94\" data-element_type=\"widget\" data-widget_type=\"text-editor.default\">\n\t\t\t\t<div class=\"elementor-widget-container\">\n\t\t\t\t\t\t\t\t\t<p style=\"text-align: center;\">Votre restaurant est ouvert du <strong>mercredi au dimanche<\/strong> pour le d\u00e9jeuner de <strong>12h15 \u00e0 13h30<\/strong>.<\/p><p style=\"text-align: center;\">et du <strong>mercredi au samedi<\/strong> pour le d\u00eener de <strong>19h15 \u00e0 21h30.<\/strong><\/p><p style=\"text-align: center;\">Restaurant ferm\u00e9 le dimanche soir. Le lundi et mardi soir, les clients de l&rsquo;h\u00f4tel peuvent se restaurer au d\u00eener.<\/p>\t\t\t\t\t\t\t\t<\/div>\n\t\t\t\t<\/div>\n\t\t\t\t\t<\/div>\n\t\t<\/div>\n\t\t\t\t\t<\/div>\n\t\t<\/section>\n\t\t\t\t<section class=\"elementor-section elementor-top-section elementor-element elementor-element-fe9753c qodef-elementor-content-grid elementor-section-boxed elementor-section-height-default elementor-section-height-default\" data-id=\"fe9753c\" data-element_type=\"section\" id=\"reservationtable\">\n\t\t\t\t\t\t<div class=\"elementor-container elementor-column-gap-default\">\n\t\t\t\t\t<div class=\"elementor-column elementor-col-100 elementor-top-column elementor-element elementor-element-00c91cb\" data-id=\"00c91cb\" data-element_type=\"column\">\n\t\t\t<div class=\"elementor-widget-wrap elementor-element-populated\">\n\t\t\t\t\t\t<div class=\"elementor-element elementor-element-5037ed5 elementor-widget elementor-widget-augustine_core_section_title\" data-id=\"5037ed5\" data-element_type=\"widget\" data-widget_type=\"augustine_core_section_title.default\">\n\t\t\t\t<div class=\"elementor-widget-container\">\n\t\t\t\t\t<div class=\"qodef-shortcode qodef-m  qodef-section-title qodef-alignment--center    qodef-separator-appear \">\r\n\t\t\t\t<h4 class=\"qodef-m-title\" style=\"margin-top: -5px\">\r\n\t\t\t\t\tR\u00e9server votre Table\t\t\t<\/h4>\r\n\t\t<\/div>\t\t\t\t<\/div>\n\t\t\t\t<\/div>\n\t\t\t\t<div class=\"elementor-element elementor-element-2ef73f8 elementor-widget elementor-widget-augustine_core_section_title\" data-id=\"2ef73f8\" data-element_type=\"widget\" data-widget_type=\"augustine_core_section_title.default\">\n\t\t\t\t<div class=\"elementor-widget-container\">\n\t\t\t\t\t<div class=\"qodef-shortcode qodef-m  qodef-section-title qodef-alignment--center    qodef-separator-appear \">\r\n\t\t\t<p class=\"qodef-m-subtitle\" >remplissez le formulaire de r\u00e9servation et nous vous r\u00e9pondrons d\u00e8s que possible.<\/p>\r\n\t\t\t\t<p class=\"qodef-m-text\" style=\"color: #FF0000\">Information : Le restaurant est ferm\u00e9 \u00e0 partir du Samedi 29 juillet 2023 inclus. R\u00e9ouverture le Mercredi 23 ao\u00fbt 2023.<\/p>\r\n<\/div>\t\t\t\t<\/div>\n\t\t\t\t<\/div>\n\t\t\t\t<section class=\"elementor-section elementor-inner-section elementor-element elementor-element-b22dddc elementor-section-full_width elementor-section-height-default elementor-section-height-default qodef-elementor-content-no\" data-id=\"b22dddc\" data-element_type=\"section\">\n\t\t\t\t\t\t<div class=\"elementor-container elementor-column-gap-default\">\n\t\t\t\t\t<div class=\"elementor-column elementor-col-50 elementor-inner-column elementor-element elementor-element-5d38cd7\" data-id=\"5d38cd7\" data-element_type=\"column\">\n\t\t\t<div class=\"elementor-widget-wrap elementor-element-populated\">\n\t\t\t\t\t\t<div class=\"elementor-element elementor-element-09823cf elementor-widget elementor-widget-shortcode\" data-id=\"09823cf\" data-element_type=\"widget\" data-widget_type=\"shortcode.default\">\n\t\t\t\t<div class=\"elementor-widget-container\">\n\t\t\t\t\t\t\t<div class=\"elementor-shortcode\"> <div id=\"form_id897536035905\"  class=\"wpbc_container wpbc_form wpbc_container_booking_form  \" ><form  id=\"booking_form1\"   class=\"booking_form vertical\" method=\"post\" action=\"\"><div id=\"ajax_respond_insert1\" class=\"ajax_respond_insert\" style=\"display:none;\"><\/div><a name=\"bklnk1\" id=\"bklnk1\"><\/a><div id=\"booking_form_div1\" class=\"booking_form_div\"><style type=\"text\/css\">.wpbc_container_booking_form .block_hints, .wpbc_booking_form_simple.wpbc_form_center .wpbc__form__div .wpbc__row.wpbc_r_calendar,  .wpbc_booking_form_simple .wpbc__form__div .wpbc__row:not(.wpbc_r_calendar){max-width:440px;} <\/style>\n<div class=\"wpbc_booking_form_simple wpbc_booking_form_structure wpbc_form_center\">\n    <div class=\"wpbc__form__div\">\n\t<div class=\"wpbc_r_calendar wpbc__row\">\n      <div class=\"wpbc_r_calendar wpbc__field\"> <div class=\"wpbc_calendar_wraper wpbc_change_over_triangle wpbc_calendar_skin_legacy\"><div class=\"wpbc_cal_container bk_calendar_frame wpbc_no_custom_width  months_num_in_row_ cal_month_num_1 wpbc_timeslot_day_bg_as_available\" style=\"\"><div id=\"calendar_booking1\">Chargement du calendrier...<\/div><\/div><div style=\"font-size:7px;text-align:left;margin:0 0 10px;text-shadow: none;\">Powered by <a href=\"https:\/\/wpbookingcalendar.com\" style=\"font-size:7px;\" target=\"_blank\" title=\"Booking Calendar plugin for WordPress\">Booking Calendar<\/a><\/div><textarea id=\"date_booking1\" name=\"date_booking1\" autocomplete=\"off\" style=\"display:none;\"><\/textarea><\/div><\/div>\n\t<\/div>\n\t<div class=\"wpbc__row\">\n      <div class=\"wpbc_r_details wpbc__field\">  <label for=\"details1\">Nom de la r\u00e9servation*<\/label><br>   <textarea  rows=\"3\" name=\"details1\" id=\"details1\" class=\"input-xlarge wpdev-validates-as-required\" ><\/textarea><\/div>\n\t<\/div>\n\t<div class=\"wpbc__row\">\n      <div class=\"wpbc_r_name wpbc__field\">  <label for=\"name1\">Nombre de personnes*<\/label><br>   <input type=\"text\" name=\"name1\" id=\"name1\" class=\"input-xlarge wpdev-validates-as-required\" \/><\/div>\n\t<\/div>\n\t<div class=\"wpbc__row\">\n      <div class=\"wpbc_r_rangetime wpbc__field\">  <label for=\"rangetime1\">Tranches horaires (pas de services le dimanche soir)*<\/label><br>   <select name=\"rangetime1\" id=\"rangetime1\" class=\"input-xlarge wpdev-validates-as-required\" >  <option value=\"12:15 - 13:00\" >12:15<\/option>  <option value=\"13:00 - 13:30\" >13:00<\/option>  <option value=\"19:15 - 20:30\" >19:15<\/option>  <option value=\"20:30 - 21:30\" >20:30<\/option>     <\/select><\/div>\n\t<\/div>\n\t<div class=\"wpbc__row\">\n      <div class=\"wpbc_r_phone wpbc__field\">  <label for=\"phone1\">T\u00e9l\u00e9phone*<\/label><br>   <input type=\"text\" name=\"phone1\" id=\"phone1\" class=\"input-xlarge wpdev-validates-as-required\" \/><\/div>\n\t<\/div>\n\t<div class=\"wpbc__row\">\n      <div class=\"wpbc_r_email wpbc__field\">  <label for=\"email1\">Email*<\/label><br>   <input type=\"email\" name=\"email1\" id=\"email1\" class=\"input-xlarge wpdev-validates-as-email wpdev-validates-as-required wpdev-validates-as-required\" \/><\/div>\n\t<\/div>\n\t<div class=\"wpbc__row\">\n      <div class=\"wpbc_r_message wpbc__field\">  <label for=\"message1\">Message<\/label><br>   <input type=\"text\" name=\"message1\" id=\"message1\" class=\"input-xlarge\" \/><\/div>\n\t<\/div>\n\t<div class=\"wpbc__row\">\n      <div class=\"wpbc_r_captcha wpbc__field\"> <\/div>\n\t<\/div>\n\t<div class=\"wpbc__row\">\n      <div class=\"wpbc_r_submit wpbc__field\"> <button class=\"wpbc_button_light\" type=\"button\" onclick=\"mybooking_submit(this.form,1,'fr_FR');\" >Envoyer<\/button>\n<\/div>\n\t<\/div>\n    <\/div>\n<\/div><input id=\"bk_type1\" name=\"bk_type1\" class=\"\" type=\"hidden\" value=\"1\" \/><\/div><div id=\"submiting1\"><\/div><div class=\"form_bk_messages\" id=\"form_bk_messages1\" ><\/div><input type=\"hidden\" id=\"wpbc_nonceCALCULATE_THE_COST1\" name=\"wpbc_nonceCALCULATE_THE_COST1\" value=\"25b6ff8b6d\" \/><input type=\"hidden\" name=\"_wp_http_referer\" value=\"\/index.php\/wp-json\/wp\/v2\/pages\/11314\" \/><\/form><\/div><div id=\"booking_form_garbage1\" class=\"booking_form_garbage\"><\/div><script type=\"text\/javascript\"> (function() { var a = setInterval( function() {  if ( ( 'undefined' === typeof _wpbc ) || ( 'undefined' === typeof jQuery ) || ! window.jQuery ) { return; } clearInterval( a ); jQuery( document ).ready( function (){ jQuery(\".widget_wpdev_booking .booking_form.form-horizontal\").removeClass(\"form-horizontal\");\n                                    var visible_calendars_count = _wpbc.get_other_param( \"calendars__on_this_page\" ).length;\n                                    if (visible_calendars_count !== null ) {\n                                        for (var i=0;i< visible_calendars_count ;i++){\n                                          if ( _wpbc.get_other_param( \"calendars__on_this_page\" )[i] === 1 ) {\n                                              document.getElementById(\"form_id897536035905\").innerHTML = \"<span style='color:#A00;font-size:10px;'>Warning! Booking calendar for this booking resource are already at the page, please check more about this issue at this page: https:\/\/wpbookingcalendar.com\/faq\/why-the-booking-calendar-widget-not-show-on-page\/<\/span>\";                                                                                                  \n                                              jQuery(\"#form_id897536035905\").animate( {opacity: 1}, 10000 ).fadeOut(5000);\n                                              return;\n                                          }\n                                        }\n                                        _wpbc.get_other_param( \"calendars__on_this_page\" )[ visible_calendars_count ]=1;\n                                    } } ); }, 500 ); })();<\/script> <script type=\"text\/javascript\"> (function() { var a = setInterval( function() {  if ( ( 'undefined' === typeof _wpbc ) || ( 'undefined' === typeof jQuery ) || ! window.jQuery ) { return; } clearInterval( a ); jQuery( document ).ready( function (){ _wpbc.balancer__set_max_threads( 3 );  _wpbc.calendar__set_param_value( 1 , 'calendar_scroll_to' , false );  _wpbc.calendar__set_param_value( 1 , 'booking_max_monthes_in_calendar' , '1y' );  _wpbc.calendar__set_param_value( 1 , 'booking_start_day_weeek' , '1' );  _wpbc.calendar__set_param_value( 1 , 'calendar_number_of_months' , '1' );   _wpbc.calendar__set_param_value( 1, 'days_select_mode', 'multiple' );   _wpbc.calendar__set_param_value( 1, 'fixed__days_num', 0 );   _wpbc.calendar__set_param_value( 1, 'fixed__week_days__start',   [] );   _wpbc.calendar__set_param_value( 1, 'dynamic__days_min', 0 );   _wpbc.calendar__set_param_value( 1, 'dynamic__days_max', 0 );   _wpbc.calendar__set_param_value( 1, 'dynamic__days_specific',    [] );   _wpbc.calendar__set_param_value( 1, 'dynamic__week_days__start', [] );   _wpbc.calendar__set_param_value( 1, 'booking_date_format', 'j F Y' );   _wpbc.calendar__set_param_value( 1, 'booking_time_format', 'Ghi' );   if ( 'function' === typeof ( wpbc__conditions__SAVE_INITIAL__days_selection_params__bm ) ){ wpbc__conditions__SAVE_INITIAL__days_selection_params__bm( 1 ); }   wpbc_calendar_show( '1' );   _wpbc.set_secure_param( 'nonce',   'c11593a4fd' );   _wpbc.set_secure_param( 'user_id', '0' );   _wpbc.set_secure_param( 'locale',  'fr_FR' );  wpbc_calendar__load_data__ajx( {\"resource_id\":1,\"booking_hash\":\"\",\"request_uri\":\"\\\/index.php\\\/wp-json\\\/wp\\\/v2\\\/pages\\\/11314\",\"custom_form\":\"standard\",\"aggregate_resource_id_str\":\"\",\"aggregate_type\":\"all\"} ); } ); }, 500 ); })();<\/script><\/div>\n\t\t\t\t\t\t<\/div>\n\t\t\t\t<\/div>\n\t\t\t\t\t<\/div>\n\t\t<\/div>\n\t\t\t\t<div class=\"elementor-column elementor-col-50 elementor-inner-column elementor-element elementor-element-9dc2179\" data-id=\"9dc2179\" data-element_type=\"column\">\n\t\t\t<div class=\"elementor-widget-wrap elementor-element-populated\">\n\t\t\t\t\t\t<div class=\"elementor-element elementor-element-c36ec66 elementor-widget elementor-widget-image\" data-id=\"c36ec66\" data-element_type=\"widget\" data-widget_type=\"image.default\">\n\t\t\t\t<div class=\"elementor-widget-container\">\n\t\t\t\t\t\t\t\t\t\t\t\t\t\t\t<img fetchpriority=\"high\" decoding=\"async\" width=\"1024\" height=\"682\" src=\"https:\/\/hotel-lemitigana.fr\/wp-content\/uploads\/2021\/10\/DSC_2398-1024x682.jpg\" class=\"attachment-large size-large wp-image-12283\" alt=\"\" srcset=\"https:\/\/hotel-lemitigana.fr\/wp-content\/uploads\/2021\/10\/DSC_2398-1024x682.jpg 1024w, https:\/\/hotel-lemitigana.fr\/wp-content\/uploads\/2021\/10\/DSC_2398-300x200.jpg 300w, https:\/\/hotel-lemitigana.fr\/wp-content\/uploads\/2021\/10\/DSC_2398-768x511.jpg 768w, https:\/\/hotel-lemitigana.fr\/wp-content\/uploads\/2021\/10\/DSC_2398-1536x1022.jpg 1536w, https:\/\/hotel-lemitigana.fr\/wp-content\/uploads\/2021\/10\/DSC_2398-600x399.jpg 600w, https:\/\/hotel-lemitigana.fr\/wp-content\/uploads\/2021\/10\/DSC_2398.jpg 2048w\" sizes=\"(max-width: 1024px) 100vw, 1024px\" \/>\t\t\t\t\t\t\t\t\t\t\t\t\t\t\t<\/div>\n\t\t\t\t<\/div>\n\t\t\t\t<div class=\"elementor-element elementor-element-0bfaf8f elementor-widget__width-initial elementor-widget elementor-widget-augustine_core_section_title\" data-id=\"0bfaf8f\" data-element_type=\"widget\" data-widget_type=\"augustine_core_section_title.default\">\n\t\t\t\t<div class=\"elementor-widget-container\">\n\t\t\t\t\t<div class=\"qodef-shortcode qodef-m  qodef-section-title qodef-alignment--left  qodef-title-appear qodef-title-alt-appear  \">\r\n\t\t\t\t<h4 class=\"qodef-m-title\" >\r\n\t\t\t\t\tGastronomie Fran\u00e7aise\t\t\t<\/h4>\r\n\t\t<\/div>\t\t\t\t<\/div>\n\t\t\t\t<\/div>\n\t\t\t\t<div class=\"elementor-element elementor-element-2d58917 elementor-widget__width-initial elementor-widget-tablet__width-inherit elementor-widget elementor-widget-text-editor\" data-id=\"2d58917\" data-element_type=\"widget\" data-widget_type=\"text-editor.default\">\n\t\t\t\t<div class=\"elementor-widget-container\">\n\t\t\t\t\t\t\t\t\t<p>Le Restaurant de 50 places, d\u00e9cor\u00e9 avec soins, ravira les palais des gourmands, \u00e0 travers une cuisine de tradition Fran\u00e7aise, ou les sp\u00e9cialit\u00e9s Bourguignonne sont reines. Le tout gouvern\u00e9 par une charte de qualit\u00e9 dont nous sommes fiers. Produits locaux en grande priorit\u00e9, uniquement des produits frais et le respect des saisons. Cartes courtes et innovantes r\u00e9guli\u00e8rement.<br \/><br \/>Nous optimisons une carte courte afin de garantir le tout fait maison et pouvoir vous proposer les meilleurs menus, renouvel\u00e9s tr\u00e8s r\u00e9guli\u00e8rement au gr\u00e9 de nos envies de cuisiner.<\/p>\t\t\t\t\t\t\t\t<\/div>\n\t\t\t\t<\/div>\n\t\t\t\t\t<\/div>\n\t\t<\/div>\n\t\t\t\t\t<\/div>\n\t\t<\/section>\n\t\t\t\t\t<\/div>\n\t\t<\/div>\n\t\t\t\t\t<\/div>\n\t\t<\/section>\n\t\t\t\t<section class=\"elementor-section elementor-top-section elementor-element elementor-element-b81e254 elementor-section-full_width elementor-section-height-default elementor-section-height-default qodef-elementor-content-no\" data-id=\"b81e254\" data-element_type=\"section\">\n\t\t\t\t\t\t<div class=\"elementor-container elementor-column-gap-default\">\n\t\t\t\t\t<div class=\"elementor-column elementor-col-50 elementor-top-column elementor-element elementor-element-42f3ba5\" data-id=\"42f3ba5\" data-element_type=\"column\">\n\t\t\t<div class=\"elementor-widget-wrap elementor-element-populated\">\n\t\t\t\t\t\t<div class=\"elementor-element elementor-element-dfb9855 elementor-widget elementor-widget-image\" data-id=\"dfb9855\" data-element_type=\"widget\" data-widget_type=\"image.default\">\n\t\t\t\t<div class=\"elementor-widget-container\">\n\t\t\t\t\t\t\t\t\t\t\t\t\t\t\t<img decoding=\"async\" src=\"https:\/\/hotel-lemitigana.fr\/wp-content\/uploads\/elementor\/thumbs\/DSC_2430-r23vagpffdbagp3rpc3t0k1bvba4u5pn2skurfex8o.jpg\" title=\"DSC_2430\" alt=\"DSC_2430\" loading=\"lazy\" \/>\t\t\t\t\t\t\t\t\t\t\t\t\t\t\t<\/div>\n\t\t\t\t<\/div>\n\t\t\t\t\t<\/div>\n\t\t<\/div>\n\t\t\t\t<div class=\"elementor-column elementor-col-50 elementor-top-column elementor-element elementor-element-30111b2\" data-id=\"30111b2\" data-element_type=\"column\" data-settings=\"{&quot;background_background&quot;:&quot;classic&quot;}\">\n\t\t\t<div class=\"elementor-widget-wrap elementor-element-populated\">\n\t\t\t\t\t\t<div class=\"elementor-element elementor-element-3a42f18 elementor-widget__width-initial elementor-widget elementor-widget-augustine_core_section_title\" data-id=\"3a42f18\" data-element_type=\"widget\" data-widget_type=\"augustine_core_section_title.default\">\n\t\t\t\t<div class=\"elementor-widget-container\">\n\t\t\t\t\t<div class=\"qodef-shortcode qodef-m  qodef-section-title qodef-alignment--right  qodef-title-appear qodef-title-alt-appear  \">\r\n\t\t\t\t<h4 class=\"qodef-m-title\" >\r\n\t\t\t\t\tSaisonnalit\u00e9 &amp; Localit\u00e9\t\t\t<\/h4>\r\n\t\t<\/div>\t\t\t\t<\/div>\n\t\t\t\t<\/div>\n\t\t\t\t<section class=\"elementor-section elementor-inner-section elementor-element elementor-element-ca7b2b6 elementor-section-boxed elementor-section-height-default elementor-section-height-default qodef-elementor-content-no\" data-id=\"ca7b2b6\" data-element_type=\"section\">\n\t\t\t\t\t\t<div class=\"elementor-container elementor-column-gap-default\">\n\t\t\t\t\t<div class=\"elementor-column elementor-col-100 elementor-inner-column elementor-element elementor-element-fea13a1\" data-id=\"fea13a1\" data-element_type=\"column\">\n\t\t\t<div class=\"elementor-widget-wrap elementor-element-populated\">\n\t\t\t\t\t\t<div class=\"elementor-element elementor-element-5b6b62d elementor-widget__width-initial elementor-widget-tablet__width-inherit elementor-widget elementor-widget-text-editor\" data-id=\"5b6b62d\" data-element_type=\"widget\" data-widget_type=\"text-editor.default\">\n\t\t\t\t<div class=\"elementor-widget-container\">\n\t\t\t\t\t\t\t\t\t<p>L\u2019attachement \u00e0 notre secteur est essentiel, c\u2019est pour cela que la d\u00e9couverte des plats Bourguignons est bien pr\u00e9sente dans nos cartes.<\/p><p>Au-del\u00e0 de la cuisine, nous attachons un point tr\u00e8s important \u00e0 l\u2019accueil et la bienveillance de nos convives lors de votre passage, que ce soit pour un petit caf\u00e9 ou un long s\u00e9jour, nous sommes dans une d\u00e9marche d\u2019accueil tr\u00e8s soign\u00e9e pour vous satisfaire lors de votre visite.<\/p>\t\t\t\t\t\t\t\t<\/div>\n\t\t\t\t<\/div>\n\t\t\t\t\t<\/div>\n\t\t<\/div>\n\t\t\t\t\t<\/div>\n\t\t<\/section>\n\t\t\t\t\t<\/div>\n\t\t<\/div>\n\t\t\t\t\t<\/div>\n\t\t<\/section>\n\t\t\t\t<section class=\"elementor-section elementor-top-section elementor-element elementor-element-82b3d6a elementor-section-full_width elementor-section-stretched elementor-section-height-default elementor-section-height-default qodef-elementor-content-no\" data-id=\"82b3d6a\" data-element_type=\"section\" data-settings=\"{&quot;stretch_section&quot;:&quot;section-stretched&quot;}\">\n\t\t\t\t\t\t\t<div class=\"elementor-background-overlay\"><\/div>\n\t\t\t\t\t\t\t<div class=\"elementor-container elementor-column-gap-default\">\n\t\t\t\t\t<div class=\"elementor-column elementor-col-100 elementor-top-column elementor-element elementor-element-f6b9bb5\" data-id=\"f6b9bb5\" data-element_type=\"column\" data-settings=\"{&quot;background_background&quot;:&quot;classic&quot;}\">\n\t\t\t<div class=\"elementor-widget-wrap elementor-element-populated\">\n\t\t\t\t\t<div class=\"elementor-background-overlay\"><\/div>\n\t\t\t\t\t\t<section class=\"elementor-section elementor-inner-section elementor-element elementor-element-ec94933 elementor-section-full_width elementor-section-height-default elementor-section-height-default qodef-elementor-content-no\" data-id=\"ec94933\" data-element_type=\"section\">\n\t\t\t\t\t\t<div class=\"elementor-container elementor-column-gap-default\">\n\t\t\t\t\t<div class=\"elementor-column elementor-col-50 elementor-inner-column elementor-element elementor-element-dfa1e98\" data-id=\"dfa1e98\" data-element_type=\"column\">\n\t\t\t<div class=\"elementor-widget-wrap\">\n\t\t\t\t\t\t\t<\/div>\n\t\t<\/div>\n\t\t\t\t<div class=\"elementor-column elementor-col-50 elementor-inner-column elementor-element elementor-element-d2ffd3c\" data-id=\"d2ffd3c\" data-element_type=\"column\">\n\t\t\t<div class=\"elementor-widget-wrap elementor-element-populated\">\n\t\t\t\t\t\t<div class=\"elementor-element elementor-element-a046310 elementor-widget elementor-widget-qi_addons_for_elementor_blockquote\" data-id=\"a046310\" data-element_type=\"widget\" data-widget_type=\"qi_addons_for_elementor_blockquote.default\">\n\t\t\t\t<div class=\"elementor-widget-container\">\n\t\t\t\t\t<div class=\"qodef-shortcode qodef-m qodef-qi-blockquote qodef-layout--top qodef--icon-pack\">\n\t\t\t<div class=\"qodef-m-icon\">\n\t\t\t<i aria-hidden=\"true\" class=\"fas fa-quote-right\"><\/i>\t\t<\/div>\n\t\t\t\t<h6 class=\"qodef-m-text\">\n\t\t\t\u201cEn cuisine, il faut plus que de la technique, plus que de la connaissance, il faut de l\u2019amour car sinon rien ne se ressent dans l\u2019assiette\u201d <br \/><strong>Antonin Car\u00eame.<\/strong>\t\t<\/h6>\n\t<\/div>\n\t\t\t\t<\/div>\n\t\t\t\t<\/div>\n\t\t\t\t\t<\/div>\n\t\t<\/div>\n\t\t\t\t\t<\/div>\n\t\t<\/section>\n\t\t\t\t\t<\/div>\n\t\t<\/div>\n\t\t\t\t\t<\/div>\n\t\t<\/section>\n\t\t\t\t<section class=\"elementor-section elementor-top-section elementor-element elementor-element-8391417 elementor-section-full_width elementor-section-height-default elementor-section-height-default qodef-elementor-content-no\" data-id=\"8391417\" data-element_type=\"section\">\n\t\t\t\t\t\t<div class=\"elementor-container elementor-column-gap-default\">\n\t\t\t\t\t<div class=\"elementor-column elementor-col-100 elementor-top-column elementor-element elementor-element-40ae694\" data-id=\"40ae694\" data-element_type=\"column\">\n\t\t\t<div class=\"elementor-widget-wrap elementor-element-populated\">\n\t\t\t\t\t\t<div class=\"elementor-element elementor-element-cde93a1 elementor-widget elementor-widget-augustine_core_image_gallery\" data-id=\"cde93a1\" data-element_type=\"widget\" data-widget_type=\"augustine_core_image_gallery.default\">\n\t\t\t\t<div class=\"elementor-widget-container\">\n\t\t\t\t\t<div class=\"qodef-image-gallery-holder\">\r\n\t\t\t<div class=\"qodef-image-gallery-pag\">\r\n\t\t\t<span class=\"qodef-e--current\">01<\/span>\/<span class=\"qodef-e--all\">03<\/span>\r\n\t\t<\/div>\r\n\t\t<div class=\"qodef-shortcode qodef-m  qodef-image-gallery   qodef-swiper-container   qodef-grid qodef-layout--slider-spec  qodef-gutter--normal qodef-col-num--2.5  qodef-responsive--custom qodef-col-num--1440--2.5 qodef-col-num--1366--2.5 qodef-col-num--1024--2.5 qodef-col-num--768--2.5 qodef-col-num--680--1.5 qodef-col-num--480--1.5\" data-options=\"{&quot;slidesPerView&quot;:2.5,&quot;spaceBetween&quot;:30,&quot;loop&quot;:true,&quot;autoplay&quot;:true,&quot;speed&quot;:&quot;&quot;,&quot;speedAnimation&quot;:&quot;&quot;,&quot;centeredSlides&quot;:false,&quot;effect&quot;:&quot;slide&quot;,&quot;customStages&quot;:true,&quot;slidesPerView1440&quot;:2.5,&quot;slidesPerView1366&quot;:2.5,&quot;slidesPerView1024&quot;:2.5,&quot;slidesPerView768&quot;:2.5,&quot;slidesPerView680&quot;:1.5,&quot;slidesPerView480&quot;:1.5}\">\r\n\t\t<div class=\"swiper-wrapper\">\r\n\t\t\t<div class=\"qodef-e qodef-image-wrapper swiper-slide swiper-slide\">\r\n    <img decoding=\"async\" src=\"https:\/\/hotel-lemitigana.fr\/wp-content\/uploads\/2021\/10\/DSC_2043-600x600.jpg\" alt=\"\" width=\"600\" height=\"600\" \/><\/div><div class=\"qodef-e qodef-image-wrapper swiper-slide swiper-slide\">\r\n    <img decoding=\"async\" src=\"https:\/\/hotel-lemitigana.fr\/wp-content\/uploads\/2021\/10\/DSC_2065-600x600.jpg\" alt=\"\" width=\"600\" height=\"600\" \/><\/div><div class=\"qodef-e qodef-image-wrapper swiper-slide swiper-slide\">\r\n    <img loading=\"lazy\" decoding=\"async\" src=\"https:\/\/hotel-lemitigana.fr\/wp-content\/uploads\/2021\/10\/DSC_2385-600x600.jpg\" alt=\"\" width=\"600\" height=\"600\" \/><\/div>\t\t<\/div>\r\n\t<\/div>\r\n<\/div>\t\t\t\t<\/div>\n\t\t\t\t<\/div>\n\t\t\t\t\t<\/div>\n\t\t<\/div>\n\t\t\t\t\t<\/div>\n\t\t<\/section>\n\t\t\t\t<\/div>\n\t\t","protected":false},"excerpt":{"rendered":"<p>D\u00e9couvrez une cuisine raffin\u00e9e et gourmande&#8230; Les plaisirs d&rsquo;une cuisine authentique Notre cuisine est de grande tradition fran\u00e7aise, nous travaillons uniquement des produits frais, nous recherchons sans cesse des fournisseurs locaux pour limiter l\u2019impact \u00e9cologique, carbone et conserver l\u2019identit\u00e9 de notre belle r\u00e9gion. Votre restaurant est ouvert du mercredi au dimanche pour le d\u00e9jeuner de [&hellip;]<\/p>\n","protected":false},"author":1,"featured_media":0,"parent":0,"menu_order":0,"comment_status":"closed","ping_status":"closed","template":"","meta":{"footnotes":""},"class_list":["post-11314","page","type-page","status-publish","hentry"],"yoast_head":"<!-- This site is optimized with the Yoast SEO plugin v25.1 - https:\/\/yoast.com\/wordpress\/plugins\/seo\/ -->\n<title>Restaurant et Bar - Le Mitigana - H\u00f4tel Restaurant *** \u00e0 Migennes<\/title>\n<meta name=\"description\" content=\"Le Restaurant et Bar de 50 places, d\u00e9cor\u00e9 avec soins, ravira les palais des gourmands, \u00e0 travers une cuisine de tradition Fran\u00e7aise\" \/>\n<meta name=\"robots\" content=\"index, follow, max-snippet:-1, max-image-preview:large, max-video-preview:-1\" \/>\n<link rel=\"canonical\" href=\"https:\/\/hotel-lemitigana.fr\/index.php\/presentation-restaurant-et-bar\/\" \/>\n<meta property=\"og:locale\" content=\"fr_FR\" \/>\n<meta property=\"og:type\" content=\"article\" \/>\n<meta property=\"og:title\" content=\"Restaurant et Bar - Le Mitigana - H\u00f4tel Restaurant *** \u00e0 Migennes\" \/>\n<meta property=\"og:description\" content=\"Le Restaurant et Bar de 50 places, d\u00e9cor\u00e9 avec soins, ravira les palais des gourmands, \u00e0 travers une cuisine de tradition Fran\u00e7aise\" \/>\n<meta property=\"og:url\" content=\"https:\/\/hotel-lemitigana.fr\/index.php\/presentation-restaurant-et-bar\/\" \/>\n<meta property=\"og:site_name\" content=\"H\u00f4tel Restaurant Le Mitigana\" \/>\n<meta property=\"article:modified_time\" content=\"2023-06-14T13:22:26+00:00\" \/>\n<meta property=\"og:image\" content=\"https:\/\/hotel-lemitigana.fr\/wp-content\/uploads\/2021\/10\/DSC_2398-1024x682.jpg\" \/>\n<meta name=\"twitter:card\" content=\"summary_large_image\" \/>\n<meta name=\"twitter:label1\" content=\"Dur\u00e9e de lecture estim\u00e9e\" \/>\n\t<meta name=\"twitter:data1\" content=\"5 minutes\" \/>\n<script type=\"application\/ld+json\" class=\"yoast-schema-graph\">{\"@context\":\"https:\/\/schema.org\",\"@graph\":[{\"@type\":\"WebPage\",\"@id\":\"https:\/\/hotel-lemitigana.fr\/index.php\/presentation-restaurant-et-bar\/\",\"url\":\"https:\/\/hotel-lemitigana.fr\/index.php\/presentation-restaurant-et-bar\/\",\"name\":\"Restaurant et Bar - Le Mitigana - H\u00f4tel Restaurant *** \u00e0 Migennes\",\"isPartOf\":{\"@id\":\"https:\/\/hotel-lemitigana.fr\/#website\"},\"primaryImageOfPage\":{\"@id\":\"https:\/\/hotel-lemitigana.fr\/index.php\/presentation-restaurant-et-bar\/#primaryimage\"},\"image\":{\"@id\":\"https:\/\/hotel-lemitigana.fr\/index.php\/presentation-restaurant-et-bar\/#primaryimage\"},\"thumbnailUrl\":\"https:\/\/hotel-lemitigana.fr\/wp-content\/uploads\/2021\/10\/DSC_2398-1024x682.jpg\",\"datePublished\":\"2021-07-16T22:49:54+00:00\",\"dateModified\":\"2023-06-14T13:22:26+00:00\",\"description\":\"Le Restaurant et Bar de 50 places, d\u00e9cor\u00e9 avec soins, ravira les palais des gourmands, \u00e0 travers une cuisine de tradition Fran\u00e7aise\",\"breadcrumb\":{\"@id\":\"https:\/\/hotel-lemitigana.fr\/index.php\/presentation-restaurant-et-bar\/#breadcrumb\"},\"inLanguage\":\"fr-FR\",\"potentialAction\":[{\"@type\":\"ReadAction\",\"target\":[\"https:\/\/hotel-lemitigana.fr\/index.php\/presentation-restaurant-et-bar\/\"]}]},{\"@type\":\"ImageObject\",\"inLanguage\":\"fr-FR\",\"@id\":\"https:\/\/hotel-lemitigana.fr\/index.php\/presentation-restaurant-et-bar\/#primaryimage\",\"url\":\"https:\/\/hotel-lemitigana.fr\/wp-content\/uploads\/2021\/10\/DSC_2398.jpg\",\"contentUrl\":\"https:\/\/hotel-lemitigana.fr\/wp-content\/uploads\/2021\/10\/DSC_2398.jpg\",\"width\":2048,\"height\":1363},{\"@type\":\"BreadcrumbList\",\"@id\":\"https:\/\/hotel-lemitigana.fr\/index.php\/presentation-restaurant-et-bar\/#breadcrumb\",\"itemListElement\":[{\"@type\":\"ListItem\",\"position\":1,\"name\":\"Accueil\",\"item\":\"https:\/\/hotel-lemitigana.fr\/\"},{\"@type\":\"ListItem\",\"position\":2,\"name\":\"Restaurant &#038; Bar\"}]},{\"@type\":\"WebSite\",\"@id\":\"https:\/\/hotel-lemitigana.fr\/#website\",\"url\":\"https:\/\/hotel-lemitigana.fr\/\",\"name\":\"H\u00f4tel Restaurant Le Mitigana\",\"description\":\"Restaurant \u00e0 Migennes\",\"publisher\":{\"@id\":\"https:\/\/hotel-lemitigana.fr\/#organization\"},\"potentialAction\":[{\"@type\":\"SearchAction\",\"target\":{\"@type\":\"EntryPoint\",\"urlTemplate\":\"https:\/\/hotel-lemitigana.fr\/?s={search_term_string}\"},\"query-input\":{\"@type\":\"PropertyValueSpecification\",\"valueRequired\":true,\"valueName\":\"search_term_string\"}}],\"inLanguage\":\"fr-FR\"},{\"@type\":\"Organization\",\"@id\":\"https:\/\/hotel-lemitigana.fr\/#organization\",\"name\":\"H\u00f4tel Restaurant Le Mitigana\",\"url\":\"https:\/\/hotel-lemitigana.fr\/\",\"logo\":{\"@type\":\"ImageObject\",\"inLanguage\":\"fr-FR\",\"@id\":\"https:\/\/hotel-lemitigana.fr\/#\/schema\/logo\/image\/\",\"url\":\"https:\/\/hotel-lemitigana.fr\/wp-content\/uploads\/2021\/07\/cropped-Logo-hotel-restaurant-le-mitigana.png\",\"contentUrl\":\"https:\/\/hotel-lemitigana.fr\/wp-content\/uploads\/2021\/07\/cropped-Logo-hotel-restaurant-le-mitigana.png\",\"width\":600,\"height\":152,\"caption\":\"H\u00f4tel Restaurant Le Mitigana\"},\"image\":{\"@id\":\"https:\/\/hotel-lemitigana.fr\/#\/schema\/logo\/image\/\"}}]}<\/script>\n<!-- \/ Yoast SEO plugin. -->","yoast_head_json":{"title":"Restaurant et Bar - Le Mitigana - H\u00f4tel Restaurant *** \u00e0 Migennes","description":"Le Restaurant et Bar de 50 places, d\u00e9cor\u00e9 avec soins, ravira les palais des gourmands, \u00e0 travers une cuisine de tradition Fran\u00e7aise","robots":{"index":"index","follow":"follow","max-snippet":"max-snippet:-1","max-image-preview":"max-image-preview:large","max-video-preview":"max-video-preview:-1"},"canonical":"https:\/\/hotel-lemitigana.fr\/index.php\/presentation-restaurant-et-bar\/","og_locale":"fr_FR","og_type":"article","og_title":"Restaurant et Bar - Le Mitigana - H\u00f4tel Restaurant *** \u00e0 Migennes","og_description":"Le Restaurant et Bar de 50 places, d\u00e9cor\u00e9 avec soins, ravira les palais des gourmands, \u00e0 travers une cuisine de tradition Fran\u00e7aise","og_url":"https:\/\/hotel-lemitigana.fr\/index.php\/presentation-restaurant-et-bar\/","og_site_name":"H\u00f4tel Restaurant Le Mitigana","article_modified_time":"2023-06-14T13:22:26+00:00","og_image":[{"url":"https:\/\/hotel-lemitigana.fr\/wp-content\/uploads\/2021\/10\/DSC_2398-1024x682.jpg","type":"","width":"","height":""}],"twitter_card":"summary_large_image","twitter_misc":{"Dur\u00e9e de lecture estim\u00e9e":"5 minutes"},"schema":{"@context":"https:\/\/schema.org","@graph":[{"@type":"WebPage","@id":"https:\/\/hotel-lemitigana.fr\/index.php\/presentation-restaurant-et-bar\/","url":"https:\/\/hotel-lemitigana.fr\/index.php\/presentation-restaurant-et-bar\/","name":"Restaurant et Bar - Le Mitigana - H\u00f4tel Restaurant *** \u00e0 Migennes","isPartOf":{"@id":"https:\/\/hotel-lemitigana.fr\/#website"},"primaryImageOfPage":{"@id":"https:\/\/hotel-lemitigana.fr\/index.php\/presentation-restaurant-et-bar\/#primaryimage"},"image":{"@id":"https:\/\/hotel-lemitigana.fr\/index.php\/presentation-restaurant-et-bar\/#primaryimage"},"thumbnailUrl":"https:\/\/hotel-lemitigana.fr\/wp-content\/uploads\/2021\/10\/DSC_2398-1024x682.jpg","datePublished":"2021-07-16T22:49:54+00:00","dateModified":"2023-06-14T13:22:26+00:00","description":"Le Restaurant et Bar de 50 places, d\u00e9cor\u00e9 avec soins, ravira les palais des gourmands, \u00e0 travers une cuisine de tradition Fran\u00e7aise","breadcrumb":{"@id":"https:\/\/hotel-lemitigana.fr\/index.php\/presentation-restaurant-et-bar\/#breadcrumb"},"inLanguage":"fr-FR","potentialAction":[{"@type":"ReadAction","target":["https:\/\/hotel-lemitigana.fr\/index.php\/presentation-restaurant-et-bar\/"]}]},{"@type":"ImageObject","inLanguage":"fr-FR","@id":"https:\/\/hotel-lemitigana.fr\/index.php\/presentation-restaurant-et-bar\/#primaryimage","url":"https:\/\/hotel-lemitigana.fr\/wp-content\/uploads\/2021\/10\/DSC_2398.jpg","contentUrl":"https:\/\/hotel-lemitigana.fr\/wp-content\/uploads\/2021\/10\/DSC_2398.jpg","width":2048,"height":1363},{"@type":"BreadcrumbList","@id":"https:\/\/hotel-lemitigana.fr\/index.php\/presentation-restaurant-et-bar\/#breadcrumb","itemListElement":[{"@type":"ListItem","position":1,"name":"Accueil","item":"https:\/\/hotel-lemitigana.fr\/"},{"@type":"ListItem","position":2,"name":"Restaurant &#038; Bar"}]},{"@type":"WebSite","@id":"https:\/\/hotel-lemitigana.fr\/#website","url":"https:\/\/hotel-lemitigana.fr\/","name":"H\u00f4tel Restaurant Le Mitigana","description":"Restaurant \u00e0 Migennes","publisher":{"@id":"https:\/\/hotel-lemitigana.fr\/#organization"},"potentialAction":[{"@type":"SearchAction","target":{"@type":"EntryPoint","urlTemplate":"https:\/\/hotel-lemitigana.fr\/?s={search_term_string}"},"query-input":{"@type":"PropertyValueSpecification","valueRequired":true,"valueName":"search_term_string"}}],"inLanguage":"fr-FR"},{"@type":"Organization","@id":"https:\/\/hotel-lemitigana.fr\/#organization","name":"H\u00f4tel Restaurant Le Mitigana","url":"https:\/\/hotel-lemitigana.fr\/","logo":{"@type":"ImageObject","inLanguage":"fr-FR","@id":"https:\/\/hotel-lemitigana.fr\/#\/schema\/logo\/image\/","url":"https:\/\/hotel-lemitigana.fr\/wp-content\/uploads\/2021\/07\/cropped-Logo-hotel-restaurant-le-mitigana.png","contentUrl":"https:\/\/hotel-lemitigana.fr\/wp-content\/uploads\/2021\/07\/cropped-Logo-hotel-restaurant-le-mitigana.png","width":600,"height":152,"caption":"H\u00f4tel Restaurant Le Mitigana"},"image":{"@id":"https:\/\/hotel-lemitigana.fr\/#\/schema\/logo\/image\/"}}]}},"_links":{"self":[{"href":"https:\/\/hotel-lemitigana.fr\/index.php\/wp-json\/wp\/v2\/pages\/11314","targetHints":{"allow":["GET"]}}],"collection":[{"href":"https:\/\/hotel-lemitigana.fr\/index.php\/wp-json\/wp\/v2\/pages"}],"about":[{"href":"https:\/\/hotel-lemitigana.fr\/index.php\/wp-json\/wp\/v2\/types\/page"}],"author":[{"embeddable":true,"href":"https:\/\/hotel-lemitigana.fr\/index.php\/wp-json\/wp\/v2\/users\/1"}],"replies":[{"embeddable":true,"href":"https:\/\/hotel-lemitigana.fr\/index.php\/wp-json\/wp\/v2\/comments?post=11314"}],"version-history":[{"count":106,"href":"https:\/\/hotel-lemitigana.fr\/index.php\/wp-json\/wp\/v2\/pages\/11314\/revisions"}],"predecessor-version":[{"id":19338,"href":"https:\/\/hotel-lemitigana.fr\/index.php\/wp-json\/wp\/v2\/pages\/11314\/revisions\/19338"}],"wp:attachment":[{"href":"https:\/\/hotel-lemitigana.fr\/index.php\/wp-json\/wp\/v2\/media?parent=11314"}],"curies":[{"name":"wp","href":"https:\/\/api.w.org\/{rel}","templated":true}]}}